{"version":"1.0","provider_name":"Jef Wodniack Photos","provider_url":"https:\/\/www.jefwodniack.com\/wordpress","author_name":"jefwod","author_url":"https:\/\/www.jefwodniack.com\/wordpress\/author\/jefwod\/","title":"Norv\u00e8ge: Fin d\u2019hiver dans les \u00eeles Lofoten.","type":"rich","width":600,"height":338,"html":"<blockquote class=\"wp-embedded-content\" data-secret=\"Cbm2smmFp3\"><a href=\"https:\/\/www.jefwodniack.com\/wordpress\/2022\/03\/03\/norvege-fin-dhiver-dans-les-iles-lofoten\/\">Norv\u00e8ge: Fin d\u2019hiver dans les \u00eeles Lofoten.<\/a><\/blockquote><iframe sandbox=\"allow-scripts\" security=\"restricted\" src=\"https:\/\/www.jefwodniack.com\/wordpress\/2022\/03\/03\/norvege-fin-dhiver-dans-les-iles-lofoten\/embed\/#?secret=Cbm2smmFp3\" width=\"600\" height=\"338\" title=\"\u00ab\u00a0Norv\u00e8ge: Fin d\u2019hiver dans les \u00eeles Lofoten.\u00a0\u00bb &#8212; Jef Wodniack Photos\" data-secret=\"Cbm2smmFp3\" frameborder=\"0\" marginwidth=\"0\" marginheight=\"0\" scrolling=\"no\" class=\"wp-embedded-content\"><\/iframe><script>\n\/*! This file is auto-generated *\/\n!function(d,l){\"use strict\";l.querySelector&&d.addEventListener&&\"undefined\"!=typeof URL&&(d.wp=d.wp||{},d.wp.receiveEmbedMessage||(d.wp.receiveEmbedMessage=function(e){var t=e.data;if((t||t.secret||t.message||t.value)&&!\/[^a-zA-Z0-9]\/.test(t.secret)){for(var s,r,n,a=l.querySelectorAll('iframe[data-secret=\"'+t.secret+'\"]'),o=l.querySelectorAll('blockquote[data-secret=\"'+t.secret+'\"]'),c=new RegExp(\"^https?:$\",\"i\"),i=0;i<o.length;i++)o[i].style.display=\"none\";for(i=0;i<a.length;i++)s=a[i],e.source===s.contentWindow&&(s.removeAttribute(\"style\"),\"height\"===t.message?(1e3<(r=parseInt(t.value,10))?r=1e3:~~r<200&&(r=200),s.height=r):\"link\"===t.message&&(r=new URL(s.getAttribute(\"src\")),n=new URL(t.value),c.test(n.protocol))&&n.host===r.host&&l.activeElement===s&&(d.top.location.href=t.value))}},d.addEventListener(\"message\",d.wp.receiveEmbedMessage,!1),l.addEventListener(\"DOMContentLoaded\",function(){for(var e,t,s=l.querySelectorAll(\"iframe.wp-embedded-content\"),r=0;r<s.length;r++)(t=(e=s[r]).getAttribute(\"data-secret\"))||(t=Math.random().toString(36).substring(2,12),e.src+=\"#?secret=\"+t,e.setAttribute(\"data-secret\",t)),e.contentWindow.postMessage({message:\"ready\",secret:t},\"*\")},!1)))}(window,document);\n\/\/# sourceURL=https:\/\/www.jefwodniack.com\/wordpress\/wp-includes\/js\/wp-embed.min.js\n<\/script>\n","thumbnail_url":"https:\/\/www.jefwodniack.com\/wordpress\/wp-content\/uploads\/2022\/03\/Svolvaer_22-02-25_15-46-08_003.jpg","thumbnail_width":900,"thumbnail_height":600,"description":"En ce d\u00e9but mars l\u2019hiver touche \u00e0 sa fin dans les \u00eeles Lofotens, la neige et la glace sont encore bien l\u00e0. Et les paysages sont \u00e9clair\u00e9s par la douce lumi\u00e8re d\u2019un soleil bor\u00e9al."}